{"id":1907,"date":"2025-09-30T15:29:13","date_gmt":"2025-09-30T13:29:13","guid":{"rendered":"https:\/\/as-lightsound.de\/wordpress\/?post_type=product&#038;p=1907"},"modified":"2025-09-30T15:32:13","modified_gmt":"2025-09-30T13:32:13","slug":"apple-usb-c-digital-av-multiport-adapter-hdmi-usb","status":"publish","type":"product","link":"https:\/\/as-lightsound.de\/wordpress\/product\/apple-usb-c-digital-av-multiport-adapter-hdmi-usb\/","title":{"rendered":"Apple USB-C Digital AV Multiport Adapter HDMI\/USB"},"content":{"rendered":"<p data-start=\"188\" data-end=\"470\">Der <strong data-start=\"192\" data-end=\"230\">USB-C Digital AV Multiport Adapter<\/strong> von Apple verbindet Ger\u00e4te mit USB-C-Anschluss mit einem HDMI-Display und bietet gleichzeitig einen Standard-USB-A-Port sowie einen USB-C-Port zum Laden. Ideal f\u00fcr Pr\u00e4sentationen, Medienwiedergabe und den Anschluss von Peripherieger\u00e4ten.<\/p>\n<hr data-start=\"472\" data-end=\"475\" \/>\n<h3 data-start=\"477\" data-end=\"514\"><strong data-start=\"481\" data-end=\"514\">Technische Daten (Tech Specs)<\/strong><\/h3>\n<div class=\"_tableContainer_1rjym_1\">\n<div class=\"group _tableWrapper_1rjym_13 flex w-fit flex-col-reverse\" tabindex=\"-1\">\n<table class=\"w-fit min-w-(--thread-content-width)\" data-start=\"516\" data-end=\"1293\">\n<thead data-start=\"516\" data-end=\"543\">\n<tr data-start=\"516\" data-end=\"543\">\n<th data-start=\"516\" data-end=\"526\" data-col-size=\"sm\">Merkmal<\/th>\n<th data-start=\"526\" data-end=\"543\" data-col-size=\"md\">Spezifikation<\/th>\n<\/tr>\n<\/thead>\n<tbody data-start=\"567\" data-end=\"1293\">\n<tr data-start=\"567\" data-end=\"654\">\n<td data-start=\"567\" data-end=\"581\" data-col-size=\"sm\"><strong data-start=\"569\" data-end=\"580\">Eingang<\/strong><\/td>\n<td data-start=\"581\" data-end=\"654\" data-col-size=\"md\">1 \u00d7 USB-C Stecker (zum Anschluss am Mac, iPad oder kompatiblen Ger\u00e4t)<\/td>\n<\/tr>\n<tr data-start=\"655\" data-end=\"768\">\n<td data-start=\"655\" data-end=\"670\" data-col-size=\"sm\"><strong data-start=\"657\" data-end=\"669\">Ausg\u00e4nge<\/strong><\/td>\n<td data-start=\"670\" data-end=\"768\" data-col-size=\"md\">1 \u00d7 HDMI (Video\/Audio)<br \/>\n1 \u00d7 USB-A (USB 3.0\/2.0)<br \/>\n1 \u00d7 USB-C (nur Power Delivery, Laden)<\/td>\n<\/tr>\n<tr data-start=\"769\" data-end=\"867\">\n<td data-start=\"769\" data-end=\"805\" data-col-size=\"sm\"><strong data-start=\"771\" data-end=\"804\">Unterst\u00fctzte Aufl\u00f6sung (HDMI)<\/strong><\/td>\n<td data-start=\"805\" data-end=\"867\" data-col-size=\"md\">Bis zu 4K UHD (3840 \u00d7 2160) bei 60 Hz (abh\u00e4ngig vom Ger\u00e4t)<\/td>\n<\/tr>\n<tr data-start=\"868\" data-end=\"930\">\n<td data-start=\"868\" data-end=\"894\" data-col-size=\"sm\"><strong data-start=\"870\" data-end=\"893\">Audio-Unterst\u00fctzung<\/strong><\/td>\n<td data-start=\"894\" data-end=\"930\" data-col-size=\"md\">Mehrkanal-Audioausgabe \u00fcber HDMI<\/td>\n<\/tr>\n<tr data-start=\"931\" data-end=\"1050\">\n<td data-start=\"931\" data-end=\"952\" data-col-size=\"sm\"><strong data-start=\"933\" data-end=\"951\">Kompatibilit\u00e4t<\/strong><\/td>\n<td data-start=\"952\" data-end=\"1050\" data-col-size=\"md\">Mac mit USB-C\/Thunderbolt 3, iPad Pro, iPad Air, iPad mini mit USB-C, ausgew\u00e4hlte USB-C-Ger\u00e4te<\/td>\n<\/tr>\n<tr data-start=\"1051\" data-end=\"1154\">\n<td data-start=\"1051\" data-end=\"1073\" data-col-size=\"sm\"><strong data-start=\"1053\" data-end=\"1072\">Stromversorgung<\/strong><\/td>\n<td data-start=\"1073\" data-end=\"1154\" data-col-size=\"md\">USB-C PD (Power Delivery) zum gleichzeitigen Laden des angeschlossenen Ger\u00e4ts<\/td>\n<\/tr>\n<tr data-start=\"1155\" data-end=\"1211\">\n<td data-start=\"1155\" data-end=\"1179\" data-col-size=\"sm\"><strong data-start=\"1157\" data-end=\"1178\">Material \/ Design<\/strong><\/td>\n<td data-start=\"1179\" data-end=\"1211\" data-col-size=\"md\">Wei\u00df, kompaktes Apple-Design<\/td>\n<\/tr>\n<tr data-start=\"1212\" data-end=\"1266\">\n<td data-start=\"1212\" data-end=\"1230\" data-col-size=\"sm\"><strong data-start=\"1214\" data-end=\"1229\">Abmessungen<\/strong><\/td>\n<td data-start=\"1230\" data-end=\"1266\" data-col-size=\"md\">ca. 60 \u00d7 40 \u00d7 15 mm (ohne Kabel)<\/td>\n<\/tr>\n<tr data-start=\"1267\" data-end=\"1293\">\n<td data-start=\"1267\" data-end=\"1281\" data-col-size=\"sm\"><strong data-start=\"1269\" data-end=\"1280\">Gewicht<\/strong><\/td>\n<td data-start=\"1281\" data-end=\"1293\" data-col-size=\"md\">ca. 50 g<\/td>\n<\/tr>\n<\/tbody>\n<\/table>\n<\/div>\n<\/div>\n","protected":false},"excerpt":{"rendered":"<p>60 vorr\u00e4tig<\/p>\n","protected":false},"featured_media":1908,"template":"","meta":[],"product_brand":[],"product_cat":[28],"product_tag":[],"class_list":{"0":"post-1907","1":"product","2":"type-product","3":"status-publish","4":"has-post-thumbnail","6":"product_cat-zubehoer","8":"first","9":"instock","10":"taxable","11":"shipping-taxable","12":"purchasable","13":"product-type-simple"},"_links":{"self":[{"href":"https:\/\/as-lightsound.de\/wordpress\/wp-json\/wp\/v2\/product\/1907","targetHints":{"allow":["GET"]}}],"collection":[{"href":"https:\/\/as-lightsound.de\/wordpress\/wp-json\/wp\/v2\/product"}],"about":[{"href":"https:\/\/as-lightsound.de\/wordpress\/wp-json\/wp\/v2\/types\/product"}],"wp:featuredmedia":[{"embeddable":true,"href":"https:\/\/as-lightsound.de\/wordpress\/wp-json\/wp\/v2\/media\/1908"}],"wp:attachment":[{"href":"https:\/\/as-lightsound.de\/wordpress\/wp-json\/wp\/v2\/media?parent=1907"}],"wp:term":[{"taxonomy":"product_brand","embeddable":true,"href":"https:\/\/as-lightsound.de\/wordpress\/wp-json\/wp\/v2\/product_brand?post=1907"},{"taxonomy":"product_cat","embeddable":true,"href":"https:\/\/as-lightsound.de\/wordpress\/wp-json\/wp\/v2\/product_cat?post=1907"},{"taxonomy":"product_tag","embeddable":true,"href":"https:\/\/as-lightsound.de\/wordpress\/wp-json\/wp\/v2\/product_tag?post=1907"}],"curies":[{"name":"wp","href":"https:\/\/api.w.org\/{rel}","templated":true}]}}