{"id":1619,"date":"2025-09-26T08:33:39","date_gmt":"2025-09-26T06:33:39","guid":{"rendered":"https:\/\/as-lightsound.de\/wordpress\/?post_type=product&#038;p=1619"},"modified":"2025-10-01T13:43:20","modified_gmt":"2025-10-01T11:43:20","slug":"audipack-390975-floor-stand-praesentationsstaender","status":"publish","type":"product","link":"https:\/\/as-lightsound.de\/wordpress\/product\/audipack-390975-floor-stand-praesentationsstaender\/","title":{"rendered":"AudiPack 390975 Floor Stand \/ Pr\u00e4sentationsst\u00e4nder"},"content":{"rendered":"<p data-start=\"151\" data-end=\"414\">Stabiler, mobiler Boden-St\u00e4nder mit Rollen und Quick-Release-System \u2013 ideal f\u00fcr flache Displays bis ca. 65 Zoll (abh\u00e4ngig von Gewicht und VESA-Norm). Der St\u00e4nder erlaubt variable H\u00f6henverstellung, einfache Montage und flexible Ausrichtung (Hoch- oder Querformat).<\/p>\n<hr data-start=\"416\" data-end=\"419\" \/>\n<h3 data-start=\"421\" data-end=\"458\"><strong data-start=\"425\" data-end=\"458\">Technische Daten (Tech Specs)<\/strong><\/h3>\n<div class=\"_tableContainer_1rjym_1\">\n<div class=\"group _tableWrapper_1rjym_13 flex w-fit flex-col-reverse\" tabindex=\"-1\">\n<table class=\"w-fit min-w-(--thread-content-width)\" data-start=\"460\" data-end=\"1124\">\n<thead data-start=\"460\" data-end=\"487\">\n<tr data-start=\"460\" data-end=\"487\">\n<th data-start=\"460\" data-end=\"470\" data-col-size=\"sm\">Merkmal<\/th>\n<th data-start=\"470\" data-end=\"487\" data-col-size=\"md\">Spezifikation<\/th>\n<\/tr>\n<\/thead>\n<tbody data-start=\"498\" data-end=\"1124\">\n<tr data-start=\"498\" data-end=\"561\">\n<td data-start=\"498\" data-end=\"508\" data-col-size=\"sm\"><strong data-start=\"500\" data-end=\"507\">Typ<\/strong><\/td>\n<td data-start=\"508\" data-end=\"561\" data-col-size=\"md\">Dividabler Boden-St\u00e4nder mit Rollen (Floor Stand)<\/td>\n<\/tr>\n<tr data-start=\"562\" data-end=\"605\">\n<td data-start=\"562\" data-end=\"590\" data-col-size=\"sm\"><strong data-start=\"564\" data-end=\"589\">Maximale Displaygr\u00f6\u00dfe<\/strong><\/td>\n<td data-col-size=\"md\" data-start=\"590\" data-end=\"605\">ca. 65 Zoll<\/td>\n<\/tr>\n<tr data-start=\"606\" data-end=\"651\">\n<td data-start=\"606\" data-end=\"630\" data-col-size=\"sm\"><strong data-start=\"608\" data-end=\"629\">Maximale Traglast<\/strong><\/td>\n<td data-start=\"630\" data-end=\"651\" data-col-size=\"md\">bis zu etwa 60 kg<\/td>\n<\/tr>\n<tr data-start=\"652\" data-end=\"689\">\n<td data-start=\"652\" data-end=\"673\" data-col-size=\"sm\"><strong data-start=\"654\" data-end=\"672\">H\u00f6he (maximal)<\/strong><\/td>\n<td data-start=\"673\" data-end=\"689\" data-col-size=\"md\">ca. 1.812 mm<\/td>\n<\/tr>\n<tr data-start=\"690\" data-end=\"736\">\n<td data-start=\"690\" data-end=\"720\" data-col-size=\"sm\"><strong data-start=\"692\" data-end=\"719\">Grundfl\u00e4che \/ Fu\u00dfplatte<\/strong><\/td>\n<td data-start=\"720\" data-end=\"736\" data-col-size=\"md\">900 \u00d7 560 mm<\/td>\n<\/tr>\n<tr data-start=\"737\" data-end=\"824\">\n<td data-start=\"737\" data-end=\"762\" data-col-size=\"sm\"><strong data-start=\"739\" data-end=\"761\">Montagebefestigung<\/strong><\/td>\n<td data-start=\"762\" data-end=\"824\" data-col-size=\"md\">Audipack Lock &amp; Secure System (L&amp;S 5 und L&amp;S 3 kompatibel)<\/td>\n<\/tr>\n<tr data-start=\"825\" data-end=\"888\">\n<td data-start=\"825\" data-end=\"851\" data-col-size=\"sm\"><strong data-start=\"827\" data-end=\"850\">Ausrichtung Display<\/strong><\/td>\n<td data-start=\"851\" data-end=\"888\" data-col-size=\"md\">Hochformat und Querformat m\u00f6glich<\/td>\n<\/tr>\n<tr data-start=\"889\" data-end=\"977\">\n<td data-start=\"889\" data-end=\"911\" data-col-size=\"sm\"><strong data-start=\"891\" data-end=\"910\">Kabelmanagement<\/strong><\/td>\n<td data-start=\"911\" data-end=\"977\" data-col-size=\"md\">Integrierter Kabelkanal in der S\u00e4ule, zug\u00e4nglich hinter Klappe<\/td>\n<\/tr>\n<tr data-start=\"978\" data-end=\"1022\">\n<td data-start=\"978\" data-end=\"994\" data-col-size=\"sm\"><strong data-start=\"980\" data-end=\"993\">Mobilit\u00e4t<\/strong><\/td>\n<td data-start=\"994\" data-end=\"1022\" data-col-size=\"md\">4 Lenkrollen mit Bremsen<\/td>\n<\/tr>\n<tr data-start=\"1023\" data-end=\"1096\">\n<td data-start=\"1023\" data-end=\"1046\" data-col-size=\"sm\"><strong data-start=\"1025\" data-end=\"1045\">Material \/ Farbe<\/strong><\/td>\n<td data-start=\"1046\" data-end=\"1096\" data-col-size=\"md\">Aluminium-S\u00e4ule, schwarze Fu\u00dfplatte (RAL 9005)<\/td>\n<\/tr>\n<tr data-start=\"1097\" data-end=\"1124\">\n<td data-start=\"1097\" data-end=\"1111\" data-col-size=\"sm\"><strong data-start=\"1099\" data-end=\"1110\">Gewicht<\/strong><\/td>\n<td data-start=\"1111\" data-end=\"1124\" data-col-size=\"md\">ca. 56 kg<\/td>\n<\/tr>\n<\/tbody>\n<\/table>\n<\/div>\n<\/div>\n","protected":false},"excerpt":{"rendered":"<p>32 vorr\u00e4tig<\/p>\n","protected":false},"featured_media":1953,"template":"","meta":[],"product_brand":[],"product_cat":[61],"product_tag":[],"class_list":{"0":"post-1619","1":"product","2":"type-product","3":"status-publish","4":"has-post-thumbnail","6":"product_cat-displays","8":"first","9":"instock","10":"taxable","11":"shipping-taxable","12":"purchasable","13":"product-type-simple"},"_links":{"self":[{"href":"https:\/\/as-lightsound.de\/wordpress\/wp-json\/wp\/v2\/product\/1619","targetHints":{"allow":["GET"]}}],"collection":[{"href":"https:\/\/as-lightsound.de\/wordpress\/wp-json\/wp\/v2\/product"}],"about":[{"href":"https:\/\/as-lightsound.de\/wordpress\/wp-json\/wp\/v2\/types\/product"}],"wp:featuredmedia":[{"embeddable":true,"href":"https:\/\/as-lightsound.de\/wordpress\/wp-json\/wp\/v2\/media\/1953"}],"wp:attachment":[{"href":"https:\/\/as-lightsound.de\/wordpress\/wp-json\/wp\/v2\/media?parent=1619"}],"wp:term":[{"taxonomy":"product_brand","embeddable":true,"href":"https:\/\/as-lightsound.de\/wordpress\/wp-json\/wp\/v2\/product_brand?post=1619"},{"taxonomy":"product_cat","embeddable":true,"href":"https:\/\/as-lightsound.de\/wordpress\/wp-json\/wp\/v2\/product_cat?post=1619"},{"taxonomy":"product_tag","embeddable":true,"href":"https:\/\/as-lightsound.de\/wordpress\/wp-json\/wp\/v2\/product_tag?post=1619"}],"curies":[{"name":"wp","href":"https:\/\/api.w.org\/{rel}","templated":true}]}}